{"version":"1.0","provider_name":"F\u00f6rfattaren","provider_url":"https:\/\/www.forfattaren.se","author_name":"Anders Rydell","author_url":"https:\/\/www.forfattaren.se\/av\/anders-rydell","title":"F\u00f6rfattarna och klimatet - F\u00f6rfattaren","type":"rich","width":600,"height":338,"html":"<blockquote class=\"wp-embedded-content\" data-secret=\"5ikRcwBhrr\"><a href=\"https:\/\/www.forfattaren.se\/kronika\/forfattarna-och-klimatet\">F\u00f6rfattarna och klimatet<\/a><\/blockquote><iframe sandbox=\"allow-scripts\" security=\"restricted\" src=\"https:\/\/www.forfattaren.se\/kronika\/forfattarna-och-klimatet\/embed#?secret=5ikRcwBhrr\" width=\"600\" height=\"338\" title=\"\u201dF\u00f6rfattarna och klimatet\u201d &ndash; F\u00f6rfattaren\" data-secret=\"5ikRcwBhrr\" frameborder=\"0\" marginwidth=\"0\" marginheight=\"0\" scrolling=\"no\" class=\"wp-embedded-content\"><\/iframe><script type=\"text\/javascript\">\n\/*! This file is auto-generated *\/\n!function(c,d){\"use strict\";var e=!1,o=!1;if(d.querySelector)if(c.addEventListener)e=!0;if(c.wp=c.wp||{},c.wp.receiveEmbedMessage);else if(c.wp.receiveEmbedMessage=function(e){var t=e.data;if(!t);else if(!(t.secret||t.message||t.value));else if(\/[^a-zA-Z0-9]\/.test(t.secret));else{for(var r,s,a,i=d.querySelectorAll('iframe[data-secret=\"'+t.secret+'\"]'),n=d.querySelectorAll('blockquote[data-secret=\"'+t.secret+'\"]'),o=new RegExp(\"^https?:$\",\"i\"),l=0;l<n.length;l++)n[l].style.display=\"none\";for(l=0;l<i.length;l++)if(r=i[l],e.source!==r.contentWindow);else{if(r.removeAttribute(\"style\"),\"height\"===t.message){if(1e3<(s=parseInt(t.value,10)))s=1e3;else if(~~s<200)s=200;r.height=s}if(\"link\"===t.message)if(s=d.createElement(\"a\"),a=d.createElement(\"a\"),s.href=r.getAttribute(\"src\"),a.href=t.value,!o.test(a.protocol));else if(a.host===s.host)if(d.activeElement===r)c.top.location.href=t.value}}},e)c.addEventListener(\"message\",c.wp.receiveEmbedMessage,!1),d.addEventListener(\"DOMContentLoaded\",t,!1),c.addEventListener(\"load\",t,!1);function t(){if(o);else{o=!0;for(var e,t,r,s=-1!==navigator.appVersion.indexOf(\"MSIE 10\"),a=!!navigator.userAgent.match(\/Trident.*rv:11\\.\/),i=d.querySelectorAll(\"iframe.wp-embedded-content\"),n=0;n<i.length;n++){if(!(r=(t=i[n]).getAttribute(\"data-secret\")))r=Math.random().toString(36).substr(2,10),t.src+=\"#?secret=\"+r,t.setAttribute(\"data-secret\",r);if(s||a)(e=t.cloneNode(!0)).removeAttribute(\"security\"),t.parentNode.replaceChild(e,t);t.contentWindow.postMessage({message:\"ready\",secret:r},\"*\")}}}}(window,document);\n<\/script>\n","thumbnail_url":"https:\/\/www.forfattaren.se\/app\/uploads\/2020\/03\/mats-1.jpg","thumbnail_width":1890,"thumbnail_height":1417,"description":"Hur blir bokbranschen klimatneutral? Vad kan F\u00f6rfattarf\u00f6rbundet g\u00f6ra? Det viktigaste just nu \u00e4r att vi tar initiativ, skriver Mats S\u00f6derlund. Bes\u00f6ker hemtrakterna i V\u00e4sterbotten och h\u00f6r m\u00e4nniskor prata om hur vintern blir outh\u00e4rdlig utan ordentligt med sn\u00f6 och minusgrader. Renarna kommer inte \u00e5t betet. G\u00e4ddfisket kommer aldrig att bli detsamma. Det var l\u00e4nge sedan man [&hellip;]"}